{"id":3493,"date":"2024-04-24T11:01:13","date_gmt":"2024-04-24T09:01:13","guid":{"rendered":"https:\/\/www.capacitacionihcantabria.com\/ih2vof-teaching-staff\/"},"modified":"2024-04-24T12:56:44","modified_gmt":"2024-04-24T10:56:44","slug":"ih2vof-teaching-staff","status":"publish","type":"page","link":"https:\/\/www.capacitacionihcantabria.com\/en\/ih2vof-teaching-staff\/","title":{"rendered":"IH2VOF Teaching staff"},"content":{"rendered":"<div class=\"wpb-content-wrapper\"><p>[vc_section full_width=&#8221;stretch_row&#8221; content_placement=&#8221;middle&#8221; parallax=&#8221;content-moving&#8221; parallax_image=&#8221;3086&#8243; conditional_render=&#8221;%5B%7B%22value_role%22%3A%22administrator%22%7D%5D&#8221;][vc_row full_width=&#8221;stretch_row&#8221; css=&#8221;.vc_custom_1713949413664{padding-top: 10% !important;padding-bottom: 5% !important;}&#8221; conditional_render=&#8221;%5B%7B%22value_role%22%3A%22administrator%22%7D%5D&#8221;][vc_column][vc_column_text]<\/p>\n<h3 style=\"font-size: 50px; font-weight: 600; color: #ffffff;\">Teaching Staff<\/h3>\n<p>[\/vc_column_text][\/vc_column][\/vc_row][\/vc_section][vc_row wrap_container=&#8221;yes&#8221; el_class=&#8221;m-t-xxl p-t-lg m-b-lg pb-4&#8243;][vc_column]<div class=\"porto-u-heading  wpb_custom_0766cf6320ef56eeff86c3bbeee7c186 porto-u-ad87e2eaf3f9c495180fe0156ddf3eb0 \" data-appear-animation=\"fadeInUp\" data-appear-animation-delay=\"400\" data-appear-animation-duration=\"1500\"><div class=\"porto-u-main-heading\"><h2   style=\"color:#3e3e3e;margin-bottom: 24px;\">Meet our faculty<\/h2><\/div><style>.porto-u-ad87e2eaf3f9c495180fe0156ddf3eb0.porto-u-heading{text-align:left}<\/style><\/div>[vc_row_inner][vc_column_inner width=&#8221;1\/3&#8243;][vc_single_image image=&#8221;3505&#8243; img_size=&#8221;300x&#8221; style=&#8221;vc_box_shadow_circle_2&#8243; onclick=&#8221;custom_link&#8221; img_link_target=&#8221;_blank&#8221; link=&#8221;https:\/\/ihcantabria.com\/directorio-personal\/responsable-de-grupo\/javier-lopez-lara\/&#8221; label=&#8221;&#8221;][vc_column_text]<strong>Javier L. Lara<\/strong><\/p>\n<p>Professor[\/vc_column_text][\/vc_column_inner][vc_column_inner width=&#8221;1\/3&#8243;][vc_single_image image=&#8221;3507&#8243; img_size=&#8221;300x&#8221; style=&#8221;vc_box_shadow_circle_2&#8243; onclick=&#8221;custom_link&#8221; img_link_target=&#8221;_blank&#8221; link=&#8221;https:\/\/ihcantabria.com\/directorio-personal\/investigador\/maria-e-maza-fernandez\/&#8221; label=&#8221;&#8221;][vc_column_text]<strong>Maria E. Maza<br \/>\n<\/strong><\/p>\n<p>Professor[\/vc_column_text][\/vc_column_inner][vc_column_inner width=&#8221;1\/3&#8243;][vc_single_image image=&#8221;3510&#8243; img_size=&#8221;300x&#8221; style=&#8221;vc_box_shadow_circle_2&#8243; onclick=&#8221;custom_link&#8221; img_link_target=&#8221;_blank&#8221; link=&#8221;https:\/\/ihcantabria.com\/directorio-personal\/investigador\/maria-fuentes-alvarez-de-eulate\/&#8221; label=&#8221;&#8221;][vc_column_text]<strong>Mar\u00eda Fuentes \u00c1lvarez de Eulate<\/strong><\/p>\n<p>Project Engineer[\/vc_column_text][\/vc_column_inner][\/vc_row_inner][\/vc_column][\/vc_row]<\/p>\n<\/div>","protected":false},"excerpt":{"rendered":"<p>[vc_section full_width=&#8221;stretch_row&#8221; content_placement=&#8221;middle&#8221; parallax=&#8221;content-moving&#8221; parallax_image=&#8221;3086&#8243; conditional_render=&#8221;%5B%7B%22value_role%22%3A%22administrator%22%7D%5D&#8221;][vc_row full_width=&#8221;stretch_row&#8221; css=&#8221;.vc_custom_1713949413664{padding-top: 10% !important;padding-bottom: 5% !important;}&#8221; conditional_render=&#8221;%5B%7B%22value_role%22%3A%22administrator%22%7D%5D&#8221;][vc_column][vc_column_text] Teaching Staff [\/vc_column_text][\/vc_column][\/vc_row][\/vc_section][vc_row wrap_container=&#8221;yes&#8221; el_class=&#8221;m-t-xxl p-t-lg m-b-lg pb-4&#8243;][vc_column][vc_row_inner][vc_column_inner width=&#8221;1\/3&#8243;][vc_single_image image=&#8221;3505&#8243; img_size=&#8221;300x&#8221; style=&#8221;vc_box_shadow_circle_2&#8243; onclick=&#8221;custom_link&#8221; img_link_target=&#8221;_blank&#8221; link=&#8221;https:\/\/ihcantabria.com\/directorio-personal\/responsable-de-grupo\/javier-lopez-lara\/&#8221; label=&#8221;&#8221;][vc_column_text]Javier L. Lara Professor[\/vc_column_text][\/vc_column_inner][vc_column_inner width=&#8221;1\/3&#8243;][vc_single_image image=&#8221;3507&#8243; img_size=&#8221;300x&#8221; style=&#8221;vc_box_shadow_circle_2&#8243; onclick=&#8221;custom_link&#8221; img_link_target=&#8221;_blank&#8221; link=&#8221;https:\/\/ihcantabria.com\/directorio-personal\/investigador\/maria-e-maza-fernandez\/&#8221; label=&#8221;&#8221;][vc_column_text]Maria E. Maza Professor[\/vc_column_text][\/vc_column_inner][vc_column_inner width=&#8221;1\/3&#8243;][vc_single_image image=&#8221;3510&#8243; img_size=&#8221;300x&#8221; style=&#8221;vc_box_shadow_circle_2&#8243; onclick=&#8221;custom_link&#8221; img_link_target=&#8221;_blank&#8221; link=&#8221;https:\/\/ihcantabria.com\/directorio-personal\/investigador\/maria-fuentes-alvarez-de-eulate\/&#8221; label=&#8221;&#8221;][vc_column_text]Mar\u00eda Fuentes \u00c1lvarez de Eulate [&hellip;]<\/p>\n","protected":false},"author":5,"featured_media":0,"parent":0,"menu_order":0,"comment_status":"closed","ping_status":"closed","template":"","meta":{"footnotes":""},"class_list":["post-3493","page","type-page","status-publish","hentry"],"yoast_head":"<!-- This site is optimized with the Yoast SEO Premium plugin v27.4 (Yoast SEO v27.5) - https:\/\/yoast.com\/product\/yoast-seo-premium-wordpress\/ -->\n<title>IH2VOF Teaching staff | Formaci\u00f3n IHCantabria<\/title>\n<meta name=\"robots\" content=\"index, follow, max-snippet:-1, max-image-preview:large, max-video-preview:-1\" \/>\n<link rel=\"canonical\" href=\"https:\/\/www.capacitacionihcantabria.com\/en\/ih2vof-teaching-staff\/\" \/>\n<meta property=\"og:locale\" content=\"en_US\" \/>\n<meta property=\"og:type\" content=\"article\" \/>\n<meta property=\"og:title\" content=\"IH2VOF Teaching staff\" \/>\n<meta property=\"og:description\" content=\"[vc_section full_width=&#8221;stretch_row&#8221; content_placement=&#8221;middle&#8221; parallax=&#8221;content-moving&#8221; parallax_image=&#8221;3086&#8243; conditional_render=&#8221;%5B%7B%22value_role%22%3A%22administrator%22%7D%5D&#8221;][vc_row full_width=&#8221;stretch_row&#8221; css=&#8221;.vc_custom_1713949413664{padding-top: 10% !important;padding-bottom: 5% !important;}&#8221; conditional_render=&#8221;%5B%7B%22value_role%22%3A%22administrator%22%7D%5D&#8221;][vc_column][vc_column_text] Teaching Staff [\/vc_column_text][\/vc_column][\/vc_row][\/vc_section][vc_row wrap_container=&#8221;yes&#8221; el_class=&#8221;m-t-xxl p-t-lg m-b-lg pb-4&#8243;][vc_column][vc_row_inner][vc_column_inner width=&#8221;1\/3&#8243;][vc_single_image image=&#8221;3505&#8243; img_size=&#8221;300x&#8221; style=&#8221;vc_box_shadow_circle_2&#8243; onclick=&#8221;custom_link&#8221; img_link_target=&#8221;_blank&#8221; link=&#8221;https:\/\/ihcantabria.com\/directorio-personal\/responsable-de-grupo\/javier-lopez-lara\/&#8221; label=&#8221;&#8221;][vc_column_text]Javier L. Lara Professor[\/vc_column_text][\/vc_column_inner][vc_column_inner width=&#8221;1\/3&#8243;][vc_single_image image=&#8221;3507&#8243; img_size=&#8221;300x&#8221; style=&#8221;vc_box_shadow_circle_2&#8243; onclick=&#8221;custom_link&#8221; img_link_target=&#8221;_blank&#8221; link=&#8221;https:\/\/ihcantabria.com\/directorio-personal\/investigador\/maria-e-maza-fernandez\/&#8221; label=&#8221;&#8221;][vc_column_text]Maria E. Maza Professor[\/vc_column_text][\/vc_column_inner][vc_column_inner width=&#8221;1\/3&#8243;][vc_single_image image=&#8221;3510&#8243; img_size=&#8221;300x&#8221; style=&#8221;vc_box_shadow_circle_2&#8243; onclick=&#8221;custom_link&#8221; img_link_target=&#8221;_blank&#8221; link=&#8221;https:\/\/ihcantabria.com\/directorio-personal\/investigador\/maria-fuentes-alvarez-de-eulate\/&#8221; label=&#8221;&#8221;][vc_column_text]Mar\u00eda Fuentes \u00c1lvarez de Eulate [&hellip;]\" \/>\n<meta property=\"og:url\" content=\"https:\/\/www.capacitacionihcantabria.com\/en\/ih2vof-teaching-staff\/\" \/>\n<meta property=\"og:site_name\" content=\"Formaci\u00f3n IHCantabria\" \/>\n<meta property=\"article:publisher\" content=\"https:\/\/www.facebook.com\/IHCantabria\/\" \/>\n<meta property=\"article:modified_time\" content=\"2024-04-24T10:56:44+00:00\" \/>\n<meta property=\"og:image\" content=\"https:\/\/www.capacitacionihcantabria.com\/wp-content\/uploads\/2024\/05\/LOGO_ECCEIH_Negro_nosubtitulo-1.png\" \/>\n\t<meta property=\"og:image:width\" content=\"2075\" \/>\n\t<meta property=\"og:image:height\" content=\"1035\" \/>\n\t<meta property=\"og:image:type\" content=\"image\/png\" \/>\n<meta name=\"twitter:card\" content=\"summary_large_image\" \/>\n<meta name=\"twitter:site\" content=\"@IHCantabria\" \/>\n<meta name=\"twitter:label1\" content=\"Est. reading time\" \/>\n\t<meta name=\"twitter:data1\" content=\"1 minute\" \/>\n<script type=\"application\/ld+json\" class=\"yoast-schema-graph\">{\"@context\":\"https:\\\/\\\/schema.org\",\"@graph\":[{\"@type\":\"WebPage\",\"@id\":\"https:\\\/\\\/www.capacitacionihcantabria.com\\\/en\\\/ih2vof-teaching-staff\\\/\",\"url\":\"https:\\\/\\\/www.capacitacionihcantabria.com\\\/en\\\/ih2vof-teaching-staff\\\/\",\"name\":\"IH2VOF Teaching staff | Formaci\u00f3n IHCantabria\",\"isPartOf\":{\"@id\":\"https:\\\/\\\/www.capacitacionihcantabria.com\\\/en\\\/#website\"},\"datePublished\":\"2024-04-24T09:01:13+00:00\",\"dateModified\":\"2024-04-24T10:56:44+00:00\",\"breadcrumb\":{\"@id\":\"https:\\\/\\\/www.capacitacionihcantabria.com\\\/en\\\/ih2vof-teaching-staff\\\/#breadcrumb\"},\"inLanguage\":\"en-US\",\"potentialAction\":[{\"@type\":\"ReadAction\",\"target\":[\"https:\\\/\\\/www.capacitacionihcantabria.com\\\/en\\\/ih2vof-teaching-staff\\\/\"]}]},{\"@type\":\"BreadcrumbList\",\"@id\":\"https:\\\/\\\/www.capacitacionihcantabria.com\\\/en\\\/ih2vof-teaching-staff\\\/#breadcrumb\",\"itemListElement\":[{\"@type\":\"ListItem\",\"position\":1,\"name\":\"Portada\",\"item\":\"https:\\\/\\\/www.capacitacionihcantabria.com\\\/en\\\/\"},{\"@type\":\"ListItem\",\"position\":2,\"name\":\"IH2VOF Teaching staff\"}]},{\"@type\":\"WebSite\",\"@id\":\"https:\\\/\\\/www.capacitacionihcantabria.com\\\/en\\\/#website\",\"url\":\"https:\\\/\\\/www.capacitacionihcantabria.com\\\/en\\\/\",\"name\":\"Formaci\u00f3n IHCantabria\",\"description\":\"Training Platform ECCE-IH Educaci\u00f3n Continua \\\/ Continuing Education \u2013 IH\",\"publisher\":{\"@id\":\"https:\\\/\\\/www.capacitacionihcantabria.com\\\/en\\\/#organization\"},\"alternateName\":\"Portal de Capacitaci\u00f3n y Formaci\u00f3n IHCantabria\",\"potentialAction\":[{\"@type\":\"SearchAction\",\"target\":{\"@type\":\"EntryPoint\",\"urlTemplate\":\"https:\\\/\\\/www.capacitacionihcantabria.com\\\/en\\\/?s={search_term_string}\"},\"query-input\":{\"@type\":\"PropertyValueSpecification\",\"valueRequired\":true,\"valueName\":\"search_term_string\"}}],\"inLanguage\":\"en-US\"},{\"@type\":\"Organization\",\"@id\":\"https:\\\/\\\/www.capacitacionihcantabria.com\\\/en\\\/#organization\",\"name\":\"Formaci\u00f3n IHCantabria\",\"url\":\"https:\\\/\\\/www.capacitacionihcantabria.com\\\/en\\\/\",\"logo\":{\"@type\":\"ImageObject\",\"inLanguage\":\"en-US\",\"@id\":\"https:\\\/\\\/www.capacitacionihcantabria.com\\\/en\\\/#\\\/schema\\\/logo\\\/image\\\/\",\"url\":\"https:\\\/\\\/www.capacitacionihcantabria.com\\\/wp-content\\\/uploads\\\/2024\\\/02\\\/Logo-IHCantabria.png\",\"contentUrl\":\"https:\\\/\\\/www.capacitacionihcantabria.com\\\/wp-content\\\/uploads\\\/2024\\\/02\\\/Logo-IHCantabria.png\",\"width\":1200,\"height\":519,\"caption\":\"Formaci\u00f3n IHCantabria\"},\"image\":{\"@id\":\"https:\\\/\\\/www.capacitacionihcantabria.com\\\/en\\\/#\\\/schema\\\/logo\\\/image\\\/\"},\"sameAs\":[\"https:\\\/\\\/www.facebook.com\\\/IHCantabria\\\/\",\"https:\\\/\\\/x.com\\\/IHCantabria\",\"https:\\\/\\\/www.instagram.com\\\/ih.cantabria\\\/\",\"https:\\\/\\\/es.linkedin.com\\\/company\\\/ihcantabria\"],\"description\":\"En IHCantabria ofrecemos una formaci\u00f3n multidisciplinar y altamente especializada en el \u00e1mbito de la ingenier\u00eda, la biolog\u00eda y la gesti\u00f3n de los sistemas acu\u00e1ticos, de sus servicios y de las amenazas asociadas a \u00e9stos. Todo ello ha constituido un eje prioritario del desarrollo de la labor formativa de IHCantabria.\",\"email\":\"info@capacitacionihcantabria.com\",\"telephone\":\"942201616\",\"legalName\":\"FUndaci\u00f3n Insituto de Hidr\u00e1ulica ambiental de cantabria\",\"foundingDate\":\"2007-03-22\",\"numberOfEmployees\":{\"@type\":\"QuantitativeValue\",\"minValue\":\"201\",\"maxValue\":\"500\"}}]}<\/script>\n<!-- \/ Yoast SEO Premium plugin. -->","yoast_head_json":{"title":"IH2VOF Teaching staff | Formaci\u00f3n IHCantabria","robots":{"index":"index","follow":"follow","max-snippet":"max-snippet:-1","max-image-preview":"max-image-preview:large","max-video-preview":"max-video-preview:-1"},"canonical":"https:\/\/www.capacitacionihcantabria.com\/en\/ih2vof-teaching-staff\/","og_locale":"en_US","og_type":"article","og_title":"IH2VOF Teaching staff","og_description":"[vc_section full_width=&#8221;stretch_row&#8221; content_placement=&#8221;middle&#8221; parallax=&#8221;content-moving&#8221; parallax_image=&#8221;3086&#8243; conditional_render=&#8221;%5B%7B%22value_role%22%3A%22administrator%22%7D%5D&#8221;][vc_row full_width=&#8221;stretch_row&#8221; css=&#8221;.vc_custom_1713949413664{padding-top: 10% !important;padding-bottom: 5% !important;}&#8221; conditional_render=&#8221;%5B%7B%22value_role%22%3A%22administrator%22%7D%5D&#8221;][vc_column][vc_column_text] Teaching Staff [\/vc_column_text][\/vc_column][\/vc_row][\/vc_section][vc_row wrap_container=&#8221;yes&#8221; el_class=&#8221;m-t-xxl p-t-lg m-b-lg pb-4&#8243;][vc_column][vc_row_inner][vc_column_inner width=&#8221;1\/3&#8243;][vc_single_image image=&#8221;3505&#8243; img_size=&#8221;300x&#8221; style=&#8221;vc_box_shadow_circle_2&#8243; onclick=&#8221;custom_link&#8221; img_link_target=&#8221;_blank&#8221; link=&#8221;https:\/\/ihcantabria.com\/directorio-personal\/responsable-de-grupo\/javier-lopez-lara\/&#8221; label=&#8221;&#8221;][vc_column_text]Javier L. Lara Professor[\/vc_column_text][\/vc_column_inner][vc_column_inner width=&#8221;1\/3&#8243;][vc_single_image image=&#8221;3507&#8243; img_size=&#8221;300x&#8221; style=&#8221;vc_box_shadow_circle_2&#8243; onclick=&#8221;custom_link&#8221; img_link_target=&#8221;_blank&#8221; link=&#8221;https:\/\/ihcantabria.com\/directorio-personal\/investigador\/maria-e-maza-fernandez\/&#8221; label=&#8221;&#8221;][vc_column_text]Maria E. Maza Professor[\/vc_column_text][\/vc_column_inner][vc_column_inner width=&#8221;1\/3&#8243;][vc_single_image image=&#8221;3510&#8243; img_size=&#8221;300x&#8221; style=&#8221;vc_box_shadow_circle_2&#8243; onclick=&#8221;custom_link&#8221; img_link_target=&#8221;_blank&#8221; link=&#8221;https:\/\/ihcantabria.com\/directorio-personal\/investigador\/maria-fuentes-alvarez-de-eulate\/&#8221; label=&#8221;&#8221;][vc_column_text]Mar\u00eda Fuentes \u00c1lvarez de Eulate [&hellip;]","og_url":"https:\/\/www.capacitacionihcantabria.com\/en\/ih2vof-teaching-staff\/","og_site_name":"Formaci\u00f3n IHCantabria","article_publisher":"https:\/\/www.facebook.com\/IHCantabria\/","article_modified_time":"2024-04-24T10:56:44+00:00","og_image":[{"width":2075,"height":1035,"url":"https:\/\/www.capacitacionihcantabria.com\/wp-content\/uploads\/2024\/05\/LOGO_ECCEIH_Negro_nosubtitulo-1.png","type":"image\/png"}],"twitter_card":"summary_large_image","twitter_site":"@IHCantabria","twitter_misc":{"Est. reading time":"1 minute"},"schema":{"@context":"https:\/\/schema.org","@graph":[{"@type":"WebPage","@id":"https:\/\/www.capacitacionihcantabria.com\/en\/ih2vof-teaching-staff\/","url":"https:\/\/www.capacitacionihcantabria.com\/en\/ih2vof-teaching-staff\/","name":"IH2VOF Teaching staff | Formaci\u00f3n IHCantabria","isPartOf":{"@id":"https:\/\/www.capacitacionihcantabria.com\/en\/#website"},"datePublished":"2024-04-24T09:01:13+00:00","dateModified":"2024-04-24T10:56:44+00:00","breadcrumb":{"@id":"https:\/\/www.capacitacionihcantabria.com\/en\/ih2vof-teaching-staff\/#breadcrumb"},"inLanguage":"en-US","potentialAction":[{"@type":"ReadAction","target":["https:\/\/www.capacitacionihcantabria.com\/en\/ih2vof-teaching-staff\/"]}]},{"@type":"BreadcrumbList","@id":"https:\/\/www.capacitacionihcantabria.com\/en\/ih2vof-teaching-staff\/#breadcrumb","itemListElement":[{"@type":"ListItem","position":1,"name":"Portada","item":"https:\/\/www.capacitacionihcantabria.com\/en\/"},{"@type":"ListItem","position":2,"name":"IH2VOF Teaching staff"}]},{"@type":"WebSite","@id":"https:\/\/www.capacitacionihcantabria.com\/en\/#website","url":"https:\/\/www.capacitacionihcantabria.com\/en\/","name":"Formaci\u00f3n IHCantabria","description":"Training Platform ECCE-IH Educaci\u00f3n Continua \/ Continuing Education \u2013 IH","publisher":{"@id":"https:\/\/www.capacitacionihcantabria.com\/en\/#organization"},"alternateName":"Portal de Capacitaci\u00f3n y Formaci\u00f3n IHCantabria","potentialAction":[{"@type":"SearchAction","target":{"@type":"EntryPoint","urlTemplate":"https:\/\/www.capacitacionihcantabria.com\/en\/?s={search_term_string}"},"query-input":{"@type":"PropertyValueSpecification","valueRequired":true,"valueName":"search_term_string"}}],"inLanguage":"en-US"},{"@type":"Organization","@id":"https:\/\/www.capacitacionihcantabria.com\/en\/#organization","name":"Formaci\u00f3n IHCantabria","url":"https:\/\/www.capacitacionihcantabria.com\/en\/","logo":{"@type":"ImageObject","inLanguage":"en-US","@id":"https:\/\/www.capacitacionihcantabria.com\/en\/#\/schema\/logo\/image\/","url":"https:\/\/www.capacitacionihcantabria.com\/wp-content\/uploads\/2024\/02\/Logo-IHCantabria.png","contentUrl":"https:\/\/www.capacitacionihcantabria.com\/wp-content\/uploads\/2024\/02\/Logo-IHCantabria.png","width":1200,"height":519,"caption":"Formaci\u00f3n IHCantabria"},"image":{"@id":"https:\/\/www.capacitacionihcantabria.com\/en\/#\/schema\/logo\/image\/"},"sameAs":["https:\/\/www.facebook.com\/IHCantabria\/","https:\/\/x.com\/IHCantabria","https:\/\/www.instagram.com\/ih.cantabria\/","https:\/\/es.linkedin.com\/company\/ihcantabria"],"description":"En IHCantabria ofrecemos una formaci\u00f3n multidisciplinar y altamente especializada en el \u00e1mbito de la ingenier\u00eda, la biolog\u00eda y la gesti\u00f3n de los sistemas acu\u00e1ticos, de sus servicios y de las amenazas asociadas a \u00e9stos. Todo ello ha constituido un eje prioritario del desarrollo de la labor formativa de IHCantabria.","email":"info@capacitacionihcantabria.com","telephone":"942201616","legalName":"FUndaci\u00f3n Insituto de Hidr\u00e1ulica ambiental de cantabria","foundingDate":"2007-03-22","numberOfEmployees":{"@type":"QuantitativeValue","minValue":"201","maxValue":"500"}}]}},"_links":{"self":[{"href":"https:\/\/www.capacitacionihcantabria.com\/en\/wp-json\/wp\/v2\/pages\/3493","targetHints":{"allow":["GET"]}}],"collection":[{"href":"https:\/\/www.capacitacionihcantabria.com\/en\/wp-json\/wp\/v2\/pages"}],"about":[{"href":"https:\/\/www.capacitacionihcantabria.com\/en\/wp-json\/wp\/v2\/types\/page"}],"author":[{"embeddable":true,"href":"https:\/\/www.capacitacionihcantabria.com\/en\/wp-json\/wp\/v2\/users\/5"}],"replies":[{"embeddable":true,"href":"https:\/\/www.capacitacionihcantabria.com\/en\/wp-json\/wp\/v2\/comments?post=3493"}],"version-history":[{"count":23,"href":"https:\/\/www.capacitacionihcantabria.com\/en\/wp-json\/wp\/v2\/pages\/3493\/revisions"}],"predecessor-version":[{"id":3561,"href":"https:\/\/www.capacitacionihcantabria.com\/en\/wp-json\/wp\/v2\/pages\/3493\/revisions\/3561"}],"wp:attachment":[{"href":"https:\/\/www.capacitacionihcantabria.com\/en\/wp-json\/wp\/v2\/media?parent=3493"}],"curies":[{"name":"wp","href":"https:\/\/api.w.org\/{rel}","templated":true}]}}